{"id":71223,"date":"2025-04-30T08:27:35","date_gmt":"2025-04-30T08:27:35","guid":{"rendered":"https:\/\/www.technical-associates.eu\/faq\/"},"modified":"2026-03-24T12:21:08","modified_gmt":"2026-03-24T12:21:08","slug":"faq","status":"publish","type":"page","link":"https:\/\/www.technical-associates.eu\/fr\/faq\/","title":{"rendered":"FAQ"},"content":{"rendered":"\n<div class=\"wp-block-group alignfull icare-hero is-style-default has-global-padding is-layout-constrained wp-block-group-is-layout-constrained\" style=\"margin-top:0;margin-bottom:0;padding-top:var(--wp--preset--spacing--medium);padding-bottom:var(--wp--preset--spacing--medium);--octopods-group-overflow:hidden;--octopods-group-position:relative\">\n<div style=\"height:100px\" aria-hidden=\"true\" class=\"wp-block-spacer block-visibility-hide-small-screen\"><\/div>\n\n\n\n<div style=\"height:45px\" aria-hidden=\"true\" class=\"wp-block-spacer block-visibility-hide-large-screen block-visibility-hide-medium-screen\"><\/div>\n\n\n\n<div class=\"wp-block-group icare-hero__content has-global-padding is-layout-constrained wp-container-core-group-is-layout-da8ab678 wp-block-group-is-layout-constrained\" style=\"padding-top:var(--wp--preset--spacing--large);--octopods-group-z-index:2;aspect-ratio:unset;\">\n<div class=\"wp-block-group is-layout-flow wp-block-group-is-layout-flow\">\n<h1 class=\"wp-block-heading has-text-align-center has-primary-color has-text-color has-link-color wp-elements-dfb2bf8337372a81c67bb55145ff1af5\">FAQ<\/h1>\n\n\n\n<hr class=\"wp-block-separator has-text-color has-secondary-color has-alpha-channel-opacity has-secondary-background-color has-background is-style-default\"\/>\n\n\n\n<div style=\"height:50px\" aria-hidden=\"true\" class=\"wp-block-spacer block-visibility-hide-small-screen\"><\/div>\n<\/div>\n<\/div>\n<\/div>\n\n\n\n<div style=\"background-color:#f4f6f9;min-height:150px;--octopods-divider-shape-color:#ffffff;--octopods-divider-icon-color:;--octopods-divider-icon-size:20px;--octopods-divider-icon-align:center;--octopods-divider-icon-justify:center\" class=\"wp-block-octopods-divider alignfull has-background\"><div class=\"wp-block-octopods-divider__shape\"><svg xmlns=\"http:\/\/www.w3.org\/2000\/svg\" aria-hidden=\"true\" class=\"curve-inverse_svg__octopods-divider-svg curve-inverse_svg__octopods-divider-svg--curve\" preserveAspectRatio=\"none\" viewBox=\"0 0 1600 123\"><path d=\"M1620 89.958C1433 35.158 1143.3 0 818 0 483.3 0 186.2 37.273 0 94.794V0h1620z\"><\/path><\/svg><\/div><\/div>\n\n\n\n<div class=\"wp-block-group alignfull is-style-default has-background has-global-padding is-layout-constrained wp-container-core-group-is-layout-babbf4ba wp-block-group-is-layout-constrained\" style=\"background:linear-gradient(0deg,rgb(255,255,255) 0%,rgb(244,246,249) 100%);margin-top:0;margin-bottom:0;padding-top:var(--wp--preset--spacing--medium);padding-bottom:var(--wp--preset--spacing--medium)\">\n<div class=\"wp-block-group is-layout-grid wp-container-core-group-is-layout-77182d5d wp-block-group-is-layout-grid\" style=\"--octopods-group-grid-columns-tablet:undefined;--octopods-group-grid-columns-mobile:undefined\">\n<div class=\"wp-block-group has-global-padding is-layout-constrained wp-container-core-group-is-layout-fa561894 wp-block-group-is-layout-constrained\" style=\"padding-top:var(--wp--preset--spacing--small);padding-right:0;padding-bottom:var(--wp--preset--spacing--small);padding-left:0\">\n<h3 class=\"wp-block-heading has-text-align-center\">Questions g\u00e9n\u00e9rales<\/h3>\n\n\n\n<div class=\"wp-block-getwid-accordion has-icon-left\" data-active-element=\"none\">\n<div class=\"wp-block-getwid-accordion__header-wrapper\"><span class=\"wp-block-getwid-accordion__header\"><a href=\"#\"><span class=\"wp-block-getwid-accordion__header-title\">O\u00f9 organisez-vous des sessions de formation ?<\/span><span class=\"wp-block-getwid-accordion__icon is-active\"><i class=\"fas fa-plus\"><\/i><\/span><span class=\"wp-block-getwid-accordion__icon is-passive\"><i class=\"fas fa-minus\"><\/i><\/span><\/a><\/span><\/div><div class=\"wp-block-getwid-accordion__content-wrapper\"><div class=\"wp-block-getwid-accordion__content\">\n<p>Notre calendrier de formation pr\u00e9cise la langue, le pays et le lieu de chaque session. Cependant, nous pouvons vous former partout dans le monde.<\/p>\n\n\n\n<p>Nos sessions \u00e0 la demande sont con\u00e7ues pour cela : il vous suffit de choisir une formation et de nous contacter pour organiser la session au lieu qui vous convient le mieux.<\/p>\n<\/div><\/div>\n\n\n\n<div class=\"wp-block-getwid-accordion__header-wrapper\"><span class=\"wp-block-getwid-accordion__header\"><a href=\"#\"><span class=\"wp-block-getwid-accordion__header-title\"><mark style=\"background-color:rgba(0, 0, 0, 0)\" class=\"has-inline-color has-primary-color\">Quel est le nombre maximal de participants par groupe ?<\/mark><\/span><span class=\"wp-block-getwid-accordion__icon is-active\"><i class=\"fas fa-plus\"><\/i><\/span><span class=\"wp-block-getwid-accordion__icon is-passive\"><i class=\"fas fa-minus\"><\/i><\/span><\/a><\/span><\/div><div class=\"wp-block-getwid-accordion__content-wrapper\"><div class=\"wp-block-getwid-accordion__content\">\n<p>Chez TAE, nous privil\u00e9gions les petits groupes pour favoriser les \u00e9changes entre les participants lors des sessions de formation.<\/p>\n\n\n\n<p>C\u2019est pourquoi nous limitons g\u00e9n\u00e9ralement chaque groupe \u00e0 12 personnes.<\/p>\n<\/div><\/div>\n\n\n\n<div class=\"wp-block-getwid-accordion__header-wrapper\"><span class=\"wp-block-getwid-accordion__header\"><a href=\"#\"><span class=\"wp-block-getwid-accordion__header-title\"><mark style=\"background-color:rgba(0, 0, 0, 0)\" class=\"has-inline-color has-primary-color\">Quel est le nombre minimum de participants ?<\/mark><\/span><span class=\"wp-block-getwid-accordion__icon is-active\"><i class=\"fas fa-plus\"><\/i><\/span><span class=\"wp-block-getwid-accordion__icon is-passive\"><i class=\"fas fa-minus\"><\/i><\/span><\/a><\/span><\/div><div class=\"wp-block-getwid-accordion__content-wrapper\"><div class=\"wp-block-getwid-accordion__content\">\n<p>Nous demandons g\u00e9n\u00e9ralement un minimum de 5 participants.<\/p>\n<\/div><\/div>\n\n\n\n<div class=\"wp-block-getwid-accordion__header-wrapper\"><span class=\"wp-block-getwid-accordion__header\"><a href=\"#\"><span class=\"wp-block-getwid-accordion__header-title\"><mark style=\"background-color:rgba(0, 0, 0, 0)\" class=\"has-inline-color has-primary-color\">Proposez-vous des formations \u00e0 distance ?<\/mark><\/span><span class=\"wp-block-getwid-accordion__icon is-active\"><i class=\"fas fa-plus\"><\/i><\/span><span class=\"wp-block-getwid-accordion__icon is-passive\"><i class=\"fas fa-minus\"><\/i><\/span><\/a><\/span><\/div><div class=\"wp-block-getwid-accordion__content-wrapper\"><div class=\"wp-block-getwid-accordion__content\">\n<p>TAE a d\u00e9cid\u00e9 de convertir l\u2019ensemble de ses formations certifiantes au format blended learning. Cette approche favorise l\u2019apprentissage \u00e0 son rythme, tout en conservant des \u00e9changes avec un expert m\u00e9tier.<\/p>\n\n\n\n<p>Bien que nous soyons pleinement convaincus que cette m\u00e9thode repr\u00e9sente l\u2019avenir de la formation, nous croyons \u00e9galement que les sessions en pr\u00e9sentiel conservent toute leur valeur.<br>Pour en savoir plus, n\u2019h\u00e9sitez pas \u00e0 <a href=\"https:\/\/www.technical-associates.eu\/fr\/contact\/\">nous contacter.<\/a><\/p>\n<\/div><\/div>\n\n\n\n<div class=\"wp-block-getwid-accordion__header-wrapper\"><span class=\"wp-block-getwid-accordion__header\"><a href=\"#\"><span class=\"wp-block-getwid-accordion__header-title\"><mark style=\"background-color:rgba(0, 0, 0, 0)\" class=\"has-inline-color has-primary-color\">Une fois inscrit(e), est-ce que je re\u00e7ois une copie du support de formation ?<\/mark><\/span><span class=\"wp-block-getwid-accordion__icon is-active\"><i class=\"fas fa-plus\"><\/i><\/span><span class=\"wp-block-getwid-accordion__icon is-passive\"><i class=\"fas fa-minus\"><\/i><\/span><\/a><\/span><\/div><div class=\"wp-block-getwid-accordion__content-wrapper\"><div class=\"wp-block-getwid-accordion__content\">\n<p>Oui<\/p>\n<\/div><\/div>\n\n\n\n<div class=\"wp-block-getwid-accordion__header-wrapper\"><span class=\"wp-block-getwid-accordion__header\"><a href=\"#\"><span class=\"wp-block-getwid-accordion__header-title\"><mark style=\"background-color:rgba(0, 0, 0, 0)\" class=\"has-inline-color has-primary-color\">Y a-t-il des pr\u00e9requis pour suivre une session de formation ?<\/mark><\/span><span class=\"wp-block-getwid-accordion__icon is-active\"><i class=\"fas fa-plus\"><\/i><\/span><span class=\"wp-block-getwid-accordion__icon is-passive\"><i class=\"fas fa-minus\"><\/i><\/span><\/a><\/span><\/div><div class=\"wp-block-getwid-accordion__content-wrapper\"><div class=\"wp-block-getwid-accordion__content\">\n<p>Tous les pr\u00e9requis sont indiqu\u00e9s sur la page d\u00e9di\u00e9e \u00e0 chaque session de formation. Vous les retrouverez dans <a href=\"https:\/\/www.technical-associates.eu\/fr\/formations-sur-mesure\/\">notre catalogue.<\/a><\/p>\n<\/div><\/div>\n\n\n\n<div class=\"wp-block-getwid-accordion__header-wrapper\"><span class=\"wp-block-getwid-accordion__header\"><a href=\"#\"><span class=\"wp-block-getwid-accordion__header-title\"><mark style=\"background-color:rgba(0, 0, 0, 0)\" class=\"has-inline-color has-primary-color\">Serai-je inscrit(e) sur une liste d\u2019analystes certifi\u00e9s apr\u00e8s ma certification ?<\/mark><\/span><span class=\"wp-block-getwid-accordion__icon is-active\"><i class=\"fas fa-plus\"><\/i><\/span><span class=\"wp-block-getwid-accordion__icon is-passive\"><i class=\"fas fa-minus\"><\/i><\/span><\/a><\/span><\/div><div class=\"wp-block-getwid-accordion__content-wrapper\"><div class=\"wp-block-getwid-accordion__content\">\n<p>Oui ! Si vous \u00eates certifi\u00e9(e) par TAE, vous serez ajout\u00e9(e) \u00e0 une liste d\u2019analystes certifi\u00e9s accessible \u00e0 tous.<\/p>\n<\/div><\/div>\n<\/div>\n<\/div>\n\n\n\n<div class=\"wp-block-group has-global-padding is-layout-constrained wp-block-group-is-layout-constrained\" style=\"padding-top:var(--wp--preset--spacing--small);padding-bottom:var(--wp--preset--spacing--small)\">\n<h3 class=\"wp-block-heading has-text-align-center\">Modalit\u00e9s de certification<\/h3>\n\n\n\n<div class=\"wp-block-getwid-accordion has-icon-left\" data-active-element=\"none\">\n<div class=\"wp-block-getwid-accordion__header-wrapper\"><span class=\"wp-block-getwid-accordion__header\"><a href=\"#\"><span class=\"wp-block-getwid-accordion__header-title\">Si je r\u00e9ussis un examen du Technical Associates Board of Certification (TABofC), recevrai-je un certificat conforme aux normes ISO ?<\/span><span class=\"wp-block-getwid-accordion__icon is-active\"><i class=\"fas fa-plus\"><\/i><\/span><span class=\"wp-block-getwid-accordion__icon is-passive\"><i class=\"fas fa-minus\"><\/i><\/span><\/a><\/span><\/div><div class=\"wp-block-getwid-accordion__content-wrapper\"><div class=\"wp-block-getwid-accordion__content\">\n<p>Oui, si vous remplissez les exigences minimales. Le tableau ci-dessous vous apporte plus d\u2019informations.<\/p>\n\n\n\n<figure class=\"wp-block-image size-full\"><img alt=\"\" loading=\"lazy\" decoding=\"async\" width=\"512\" height=\"269\" src=\"https:\/\/www.technical-associates.eu\/wp-content\/uploads\/2025\/11\/ISO-compliant-certification-requirements-01.png\" alt=\"\" class=\"wp-image-44408\" srcset=\"https:\/\/www.technical-associates.eu\/wp-content\/uploads\/2025\/11\/ISO-compliant-certification-requirements-01.png 512w, https:\/\/www.technical-associates.eu\/wp-content\/uploads\/2025\/11\/ISO-compliant-certification-requirements-01-300x158.png 300w\" sizes=\"auto, (max-width: 512px) 100vw, 512px\" \/><\/figure>\n<\/div><\/div>\n\n\n\n<div class=\"wp-block-getwid-accordion__header-wrapper\"><span class=\"wp-block-getwid-accordion__header\"><a href=\"#\"><span class=\"wp-block-getwid-accordion__header-title\">Combien d\u2019heures de formation sont requises par la norme ISO 18436 pour chaque cat\u00e9gorie ?<\/span><span class=\"wp-block-getwid-accordion__icon is-active\"><i class=\"fas fa-plus\"><\/i><\/span><span class=\"wp-block-getwid-accordion__icon is-passive\"><i class=\"fas fa-minus\"><\/i><\/span><\/a><\/span><\/div><div class=\"wp-block-getwid-accordion__content-wrapper\"><div class=\"wp-block-getwid-accordion__content\">\n<p>Le tableau ci-dessous vous apporte plus d\u2019informations.<\/p>\n\n\n\n<figure class=\"wp-block-image size-full\"><img alt=\"\" loading=\"lazy\" decoding=\"async\" width=\"512\" height=\"269\" src=\"https:\/\/www.technical-associates.eu\/wp-content\/uploads\/2025\/11\/ISO-compliant-certification-requirements-01.png\" alt=\"\" class=\"wp-image-44408\" srcset=\"https:\/\/www.technical-associates.eu\/wp-content\/uploads\/2025\/11\/ISO-compliant-certification-requirements-01.png 512w, https:\/\/www.technical-associates.eu\/wp-content\/uploads\/2025\/11\/ISO-compliant-certification-requirements-01-300x158.png 300w\" sizes=\"auto, (max-width: 512px) 100vw, 512px\" \/><\/figure>\n<\/div><\/div>\n\n\n\n<div class=\"wp-block-getwid-accordion__header-wrapper\"><span class=\"wp-block-getwid-accordion__header\"><a href=\"#\"><span class=\"wp-block-getwid-accordion__header-title\">Puis-je poursuivre ma progression vers une certification conforme \u00e0 l\u2019ISO avec le TABofC si j\u2019ai commenc\u00e9 ma certification aupr\u00e8s d\u2019un autre organisme de formation ?<\/span><span class=\"wp-block-getwid-accordion__icon is-active\"><i class=\"fas fa-plus\"><\/i><\/span><span class=\"wp-block-getwid-accordion__icon is-passive\"><i class=\"fas fa-minus\"><\/i><\/span><\/a><\/span><\/div><div class=\"wp-block-getwid-accordion__content-wrapper\"><div class=\"wp-block-getwid-accordion__content\">\n<p>Oui, si vous fournissez les justificatifs de votre certification actuelle conforme \u00e0 l\u2019ISO, vous pourrez poursuivre avec le TABofC vers la cat\u00e9gorie ISO sup\u00e9rieure.<\/p>\n<\/div><\/div>\n\n\n\n<div class=\"wp-block-getwid-accordion__header-wrapper\"><span class=\"wp-block-getwid-accordion__header\"><a href=\"#\"><span class=\"wp-block-getwid-accordion__header-title\">La norme ISO 18436-2 exige-t-elle d\u2019\u00eatre certifi\u00e9 dans une cat\u00e9gorie inf\u00e9rieure avant de passer \u00e0 la cat\u00e9gorie sup\u00e9rieure ?<\/span><span class=\"wp-block-getwid-accordion__icon is-active\"><i class=\"fas fa-plus\"><\/i><\/span><span class=\"wp-block-getwid-accordion__icon is-passive\"><i class=\"fas fa-minus\"><\/i><\/span><\/a><\/span><\/div><div class=\"wp-block-getwid-accordion__content-wrapper\"><div class=\"wp-block-getwid-accordion__content\">\n<p>Selon la norme ISO 18436-2 relative aux vibrations, la certification de cat\u00e9gorie I n\u2019est pas un pr\u00e9requis pour acc\u00e9der \u00e0 la cat\u00e9gorie II. En revanche, pour les certifications de cat\u00e9gorie III ou IV, il est n\u00e9cessaire d\u2019avoir obtenu la certification de la cat\u00e9gorie pr\u00e9c\u00e9dente. Vous devez donc \u00eatre certifi\u00e9 en cat\u00e9gorie II pour acc\u00e9der \u00e0 la cat\u00e9gorie III, et certifi\u00e9 en cat\u00e9gorie III pour \u00eatre \u00e9ligible \u00e0 la cat\u00e9gorie IV.<\/p>\n<\/div><\/div>\n\n\n\n<div class=\"wp-block-getwid-accordion__header-wrapper\"><span class=\"wp-block-getwid-accordion__header\"><a href=\"#\"><span class=\"wp-block-getwid-accordion__header-title\">Comment puis-je obtenir une certification compl\u00e8te en vibrations de cat\u00e9gorie IV conforme \u00e0 l\u2019ISO aupr\u00e8s du TABofC ?<\/span><span class=\"wp-block-getwid-accordion__icon is-active\"><i class=\"fas fa-plus\"><\/i><\/span><span class=\"wp-block-getwid-accordion__icon is-passive\"><i class=\"fas fa-minus\"><\/i><\/span><\/a><\/span><\/div><div class=\"wp-block-getwid-accordion__content-wrapper\"><div class=\"wp-block-getwid-accordion__content\">\n<p>Vous devez r\u00e9ussir l\u2019examen de certification en vibrations de cat\u00e9gorie IV et satisfaire aux exigences minimales en termes d\u2019heures de formation, d\u2019exp\u00e9rience professionnelle en vibration, ainsi que d\u00e9tenir une certification ISO valide de cat\u00e9gorie III. Cet examen de certification d\u2019une dur\u00e9e de 5 heures couvre les contenus des 64 heures de formation ; la participation \u00e0 ces cours est donc fortement recommand\u00e9e.<\/p>\n<\/div><\/div>\n\n\n\n<div class=\"wp-block-getwid-accordion__header-wrapper\"><span class=\"wp-block-getwid-accordion__header\"><a href=\"#\"><span class=\"wp-block-getwid-accordion__header-title\">Pourquoi suis-je class\u00e9(e) comme candidat(e) provisoire ?<\/span><span class=\"wp-block-getwid-accordion__icon is-active\"><i class=\"fas fa-plus\"><\/i><\/span><span class=\"wp-block-getwid-accordion__icon is-passive\"><i class=\"fas fa-minus\"><\/i><\/span><\/a><\/span><\/div><div class=\"wp-block-getwid-accordion__content-wrapper\"><div class=\"wp-block-getwid-accordion__content\">\n<p>Les candidats ayant r\u00e9ussi l\u2019examen mais ne remplissant pas les exigences minimales en mati\u00e8re d\u2019heures de formation, d\u2019exp\u00e9rience en vibration et\/ou de certification de cat\u00e9gorie inf\u00e9rieure (le cas \u00e9ch\u00e9ant), seront class\u00e9s comme \u00ab\u202fcandidats provisoires\u202f\u00bb et recevront un certificat TAE.<\/p>\n\n\n\n<p>Il leur incombe de notifier par \u00e9crit le TABofC lorsqu\u2019ils remplissent l\u2019ensemble des crit\u00e8res requis pour la cat\u00e9gorie ISO vis\u00e9e. \u00c0 ce moment-l\u00e0, une certification compl\u00e8te conforme \u00e0 l\u2019ISO leur sera d\u00e9livr\u00e9e pour la cat\u00e9gorie concern\u00e9e.<\/p>\n<\/div><\/div>\n\n\n\n<div class=\"wp-block-getwid-accordion__header-wrapper\"><span class=\"wp-block-getwid-accordion__header\"><a href=\"#\"><span class=\"wp-block-getwid-accordion__header-title\">Puis-je obtenir des copies suppl\u00e9mentaires de mon certificat ?<\/span><span class=\"wp-block-getwid-accordion__icon is-active\"><i class=\"fas fa-plus\"><\/i><\/span><span class=\"wp-block-getwid-accordion__icon is-passive\"><i class=\"fas fa-minus\"><\/i><\/span><\/a><\/span><\/div><div class=\"wp-block-getwid-accordion__content-wrapper\"><div class=\"wp-block-getwid-accordion__content\">\n<p>Un exemplaire de votre certificat vous sera remis apr\u00e8s avoir r\u00e9ussi votre examen de certification.<\/p>\n\n\n\n<p>Des copies suppl\u00e9mentaires sont disponibles au tarif de 20\u202f\u20ac chacune. Pour toute demande, veuillez contacter <a href=\"training@icareweb.com\">training@icareweb.com<\/a>.<\/p>\n<\/div><\/div>\n<\/div>\n<\/div>\n<\/div>\n<\/div>\n\n\n\n<div style=\"min-height:150px;--octopods-divider-shape-color:#f4f6f9;--octopods-divider-icon-color:;--octopods-divider-icon-size:20px;--octopods-divider-icon-align:center;--octopods-divider-icon-justify:center;--octopods-divider-shape-scale-y:-1\" class=\"wp-block-octopods-divider alignfull has-base-background-color has-background\"><div class=\"wp-block-octopods-divider__shape\"><svg xmlns=\"http:\/\/www.w3.org\/2000\/svg\" aria-hidden=\"true\" class=\"curve-inverse_svg__octopods-divider-svg curve-inverse_svg__octopods-divider-svg--curve\" preserveAspectRatio=\"none\" viewBox=\"0 0 1600 123\"><path d=\"M1620 89.958C1433 35.158 1143.3 0 818 0 483.3 0 186.2 37.273 0 94.794V0h1620z\"><\/path><\/svg><\/div><\/div>\n\n\n\n<div class=\"wp-block-group alignfull is-style-default has-global-padding is-layout-constrained wp-container-core-group-is-layout-6923b6ed wp-block-group-is-layout-constrained\" style=\"margin-top:0;margin-bottom:0;padding-top:var(--wp--preset--spacing--x-large);padding-bottom:var(--wp--preset--spacing--small);--octopods-group-overlay-color:#F4F6F9;--octopods-group-z-index:2\">\n<h2 class=\"wp-block-heading has-text-align-center\"><mark style=\"background-color:rgba(0, 0, 0, 0)\" class=\"has-inline-color has-primary-color\">Pr\u00e9sence mondiale. Expertise locale.<\/mark><\/h2>\n\n\n\n<p class=\"has-text-align-center\">Notre formation experte d\u00e9livre des r\u00e9sultats mesurables partout dans le monde, adapt\u00e9s \u00e0 vos besoins locaux.<\/p>\n\n\n\n<hr class=\"wp-block-separator has-text-color has-secondary-color has-alpha-channel-opacity has-secondary-background-color has-background is-style-default\"\/>\n<\/div>\n\n\n\n<div class=\"wp-block-group alignfull is-layout-flow wp-container-core-group-is-layout-dc35bc7e wp-block-group-is-layout-flow\" style=\"margin-top:0;margin-bottom:0\"><div class=\"facetwp-facet facetwp-facet-locations_map facetwp-type-map\" data-name=\"locations_map\" data-type=\"map\"><\/div>\n\n\n\n<div class=\"wp-block-query fs-hidden is-layout-flow wp-block-query-is-layout-flow\"><ul class=\"facetwp-template wp-block-post-template is-layout-flow wp-block-post-template-is-layout-flow\"><li class=\"wp-block-post post-39948 location type-location status-publish\">\n<h2 class=\"wp-block-post-title\">TAE &#8211; Training Center &#8211; Geel<\/h2>\n<\/li><\/ul><\/div>\n<\/div>\n\n\n\n<div class=\"wp-block-group alignfull has-base-color has-contrast-background-color has-text-color has-background has-link-color wp-elements-cb0c26626f5527c9486ad8fb11171ca6 has-global-padding is-layout-constrained wp-block-group-is-layout-constrained\" style=\"margin-top:0;margin-bottom:0;padding-top:var(--wp--preset--spacing--large);padding-bottom:var(--wp--preset--spacing--large)\">\n<h2 class=\"wp-block-heading has-text-align-center\">Votre parcours de formation commence ici.<\/h2>\n\n\n\n<div class=\"wp-block-buttons is-content-justification-center is-layout-flex wp-container-core-buttons-is-layout-a89b3969 wp-block-buttons-is-layout-flex\">\n<div class=\"wp-block-button\"><a class=\"wp-block-button__link has-secondary-background-color has-background has-border-color has-secondary-border-color wp-element-button\" href=\"https:\/\/www.technical-associates.eu\/fr\/contact\/\">Contactez &#8211; nous<\/a><\/div>\n<\/div>\n<\/div>\n","protected":false},"excerpt":{"rendered":"<p>FAQ Questions g\u00e9n\u00e9rales Modalit\u00e9s de certification Pr\u00e9sence mondiale. Expertise locale. Notre formation experte d\u00e9livre des r\u00e9sultats mesurables partout dans le monde, adapt\u00e9s \u00e0 vos besoins locaux. Votre parcours de formation commence ici.<\/p>\n","protected":false},"author":7,"featured_media":74720,"parent":0,"menu_order":0,"comment_status":"closed","ping_status":"closed","template":"","meta":{"_acf_changed":false,"_seopress_robots_primary_cat":"","_seopress_titles_title":"%%post_title%% %%sep%% %%sitetitle%%","_seopress_titles_desc":"FAQ de Technical Associates of Europe : toutes les r\u00e9ponses sur nos formations en maintenance pr\u00e9dictive et fiabilit\u00e9. Trouvez rapidement ce qu\u2019il vous faut.","_seopress_robots_index":"","content-type":"","inline_featured_image":false,"footnotes":""},"page_category":[],"class_list":["post-71223","page","type-page","status-publish","has-post-thumbnail"],"acf":[],"_links":{"self":[{"href":"https:\/\/www.technical-associates.eu\/fr\/wp-json\/wp\/v2\/pages\/71223","targetHints":{"allow":["GET"]}}],"collection":[{"href":"https:\/\/www.technical-associates.eu\/fr\/wp-json\/wp\/v2\/pages"}],"about":[{"href":"https:\/\/www.technical-associates.eu\/fr\/wp-json\/wp\/v2\/types\/page"}],"author":[{"embeddable":true,"href":"https:\/\/www.technical-associates.eu\/fr\/wp-json\/wp\/v2\/users\/7"}],"replies":[{"embeddable":true,"href":"https:\/\/www.technical-associates.eu\/fr\/wp-json\/wp\/v2\/comments?post=71223"}],"version-history":[{"count":0,"href":"https:\/\/www.technical-associates.eu\/fr\/wp-json\/wp\/v2\/pages\/71223\/revisions"}],"wp:featuredmedia":[{"embeddable":true,"href":"https:\/\/www.technical-associates.eu\/fr\/wp-json\/wp\/v2\/media\/74720"}],"wp:attachment":[{"href":"https:\/\/www.technical-associates.eu\/fr\/wp-json\/wp\/v2\/media?parent=71223"}],"wp:term":[{"taxonomy":"page_category","embeddable":true,"href":"https:\/\/www.technical-associates.eu\/fr\/wp-json\/wp\/v2\/page_category?post=71223"}],"curies":[{"name":"wp","href":"https:\/\/api.w.org\/{rel}","templated":true}]}}